{"id":278,"date":"2018-08-15T10:44:17","date_gmt":"2018-08-15T13:44:17","guid":{"rendered":"https:\/\/autoescolaveneza.com\/?page_id=278"},"modified":"2019-05-29T23:06:46","modified_gmt":"2019-05-30T02:06:46","slug":"blog","status":"publish","type":"page","link":"https:\/\/autoescolaveneza.com\/index.php\/blog\/","title":{"rendered":"Blog"},"content":{"rendered":"<div class=\"fusion-fullwidth fullwidth-box fusion-builder-row-1 nonhundred-percent-fullwidth non-hundred-percent-height-scrolling\" style=\"--awb-border-radius-top-left:0px;--awb-border-radius-top-right:0px;--awb-border-radius-bottom-right:0px;--awb-border-radius-bottom-left:0px;--awb-flex-wrap:wrap;\" ><div class=\"fusion-builder-row fusion-row\"><div class=\"fusion-layout-column fusion_builder_column fusion-builder-column-0 fusion_builder_column_1_1 1_1 fusion-one-full fusion-column-first fusion-column-last\" style=\"--awb-bg-size:cover;\"><div class=\"fusion-column-wrapper fusion-column-has-shadow fusion-flex-column-wrapper-legacy\"><div class=\"fusion-blog-shortcode fusion-blog-shortcode-1 fusion-blog-archive fusion-blog-layout-medium fusion-blog-pagination\"><div class=\"fusion-posts-container fusion-posts-container-pagination fusion-blog-rollover\" data-pages=\"3\"><article id=\"blog-1-post-1793\" class=\"fusion-post-medium post-1793 post type-post status-publish format-standard has-post-thumbnail hentry category-sem-categoria tag-como-trocar-a-placa-do-carro tag-placa-mercosul tag-placa-mercosul-em-sao-paulo\">\n\t<style type=\"text\/css\">\n\t\t\n\t\t\n\t\t\n\t\t\n\t\t\t<\/style>\n\n\n\t\t\t<div class=\"fusion-flexslider flexslider fusion-flexslider-loading fusion-post-slideshow\" style=\"\">\n\t\t<ul class=\"slides\">\n\t\t\t\n\t\t\t\t\t\t\t\t\t\t\t\t\t\t<li><div  class=\"fusion-image-wrapper fusion-image-size-fixed\" aria-haspopup=\"true\">\n\t\t\t\t<img decoding=\"async\" width=\"320\" height=\"202\" src=\"https:\/\/autoescolaveneza.com\/wp-content\/uploads\/2020\/01\/Placa-Mercosul-320x202.jpg\" class=\"attachment-blog-medium size-blog-medium wp-post-image\" alt=\"\" \/><div class=\"fusion-rollover\">\n\t<div class=\"fusion-rollover-content\">\n\n\t\t\t\t\t\t\t\t\t\t\t\t\t\t<a class=\"fusion-rollover-link\" href=\"https:\/\/autoescolaveneza.com\/index.php\/2020\/01\/26\/placa-mercosul-no-estado-de-sao-paulo-e-agora-preciso-trocar\/\">Placa Mercosul no estado de S\u00e3o Paulo. E agora? Preciso trocar?<\/a>\n\t\t\t\n\t\t\t\t\t\t\t\t\t\t\t\t\t\t\n\t\t\t\t\t\t\t\t\n\t\t\t\t\t\t\t\t\t\t\t\t\t<div class=\"fusion-rollover-sep\"><\/div>\n\t\t\t\t\n\t\t\t\t\t\t\t\t\t\t\t\t\t\t\t\t\t\t<a class=\"fusion-rollover-gallery\" href=\"https:\/\/autoescolaveneza.com\/wp-content\/uploads\/2020\/01\/Placa-Mercosul.jpg\" data-options=\"\" data-id=\"1793\" data-rel=\"iLightbox[gallery]\" data-title=\"Placa-Mercosul em S\u00e3o Paulo\" data-caption=\"\">\n\t\t\t\t\t\tGaleria\t\t\t\t\t<\/a>\n\t\t\t\t\t\t\t\t\t\t\t\t\t\t\n\t\t\n\t\t\t\t\t\t\t\t\t\t\t\t<h4 class=\"fusion-rollover-title\">\n\t\t\t\t\t<a class=\"fusion-rollover-title-link\" href=\"https:\/\/autoescolaveneza.com\/index.php\/2020\/01\/26\/placa-mercosul-no-estado-de-sao-paulo-e-agora-preciso-trocar\/\">\n\t\t\t\t\t\tPlaca Mercosul no estado de S\u00e3o Paulo. E agora? Preciso trocar?\t\t\t\t\t<\/a>\n\t\t\t\t<\/h4>\n\t\t\t\n\t\t\t\t\t\t\t\t\n\t\t\n\t\t\t\t\t\t<a class=\"fusion-link-wrapper\" href=\"https:\/\/autoescolaveneza.com\/index.php\/2020\/01\/26\/placa-mercosul-no-estado-de-sao-paulo-e-agora-preciso-trocar\/\" aria-label=\"Placa Mercosul no estado de S\u00e3o Paulo. E agora? Preciso trocar?\"><\/a>\n\t<\/div>\n<\/div>\n<\/div>\n<\/li>\n\t\t\t\n\t\t\t\n\t\t\t\t\t\t\t\t\t\t\t\t\t\t\t\t\t\t\t\t\t\t\t\t\t\t\t\t\t\t\t\t\t\t\t\t\t\t\t\t\t\t\t\t\t\t\t\t\t\t\t\t\t\t\t\t\t\t\t\t\t\t\t\t\t\t\t\t<\/ul>\n\t<\/div>\n\t<div class=\"fusion-post-content post-content\"><h2 class=\"blog-shortcode-post-title entry-title\"><a href=\"https:\/\/autoescolaveneza.com\/index.php\/2020\/01\/26\/placa-mercosul-no-estado-de-sao-paulo-e-agora-preciso-trocar\/\">Placa Mercosul no estado de S\u00e3o Paulo. E agora? Preciso trocar?<\/a><\/h2><div class=\"fusion-post-content-container\"><p>Placa Mercosul ser\u00e1 obrigat\u00f3ria no estado de S\u00e3o Paulo a partir de 31\/01. Veja se voc\u00ea precisa trocar, saiba os valores e como fazer a substitui\u00e7\u00e3o.<\/p><\/div><\/div><div class=\"fusion-clearfix\"><\/div><div class=\"fusion-meta-info\"><div class=\"fusion-alignleft\"><span class=\"vcard\" style=\"display: none;\"><span class=\"fn\"><a href=\"https:\/\/autoescolaveneza.com\/index.php\/author\/ivan-silva7\/\" title=\"Posts de ivan.silva7\" rel=\"author\">ivan.silva7<\/a><\/span><\/span><span class=\"updated\" style=\"display:none;\">2020-01-29T09:56:32-03:00<\/span><span>26 de janeiro de 2020<\/span><span class=\"fusion-inline-sep\">|<\/span><span class=\"meta-tags\">Tags: <a href=\"https:\/\/autoescolaveneza.com\/index.php\/tag\/como-trocar-a-placa-do-carro\/\" rel=\"tag\">como trocar a placa do carro<\/a>, <a href=\"https:\/\/autoescolaveneza.com\/index.php\/tag\/placa-mercosul\/\" rel=\"tag\">placa mercosul<\/a>, <a href=\"https:\/\/autoescolaveneza.com\/index.php\/tag\/placa-mercosul-em-sao-paulo\/\" rel=\"tag\">placa mercosul em S\u00e3o Paulo<\/a><\/span><span class=\"fusion-inline-sep\">|<\/span><\/div><div class=\"fusion-alignright\"><a class=\"fusion-read-more\" href=\"https:\/\/autoescolaveneza.com\/index.php\/2020\/01\/26\/placa-mercosul-no-estado-de-sao-paulo-e-agora-preciso-trocar\/\" aria-label=\"More on Placa Mercosul no estado de S\u00e3o Paulo. E agora? Preciso trocar?\">Read More<\/a><\/div><\/div><\/article>\n<article id=\"blog-1-post-1206\" class=\"fusion-post-medium post-1206 post type-post status-publish format-standard has-post-thumbnail hentry category-noticias\">\n\t<style type=\"text\/css\">\n\t\t\n\t\t\n\t\t\n\t\t\n\t\t\t<\/style>\n\n\n\t\t\t<div class=\"fusion-flexslider flexslider fusion-flexslider-loading fusion-post-slideshow\" style=\"\">\n\t\t<ul class=\"slides\">\n\t\t\t\n\t\t\t\t\t\t\t\t\t\t\t\t\t\t<li><div  class=\"fusion-image-wrapper fusion-image-size-fixed\" aria-haspopup=\"true\">\n\t\t\t\t<img decoding=\"async\" width=\"303\" height=\"202\" src=\"https:\/\/autoescolaveneza.com\/wp-content\/uploads\/2018\/12\/Medo-de-Dirigir-ID.jpg\" class=\"attachment-blog-medium size-blog-medium wp-post-image\" alt=\"\" srcset=\"https:\/\/autoescolaveneza.com\/wp-content\/uploads\/2018\/12\/Medo-de-Dirigir-ID-300x200.jpg 300w, https:\/\/autoescolaveneza.com\/wp-content\/uploads\/2018\/12\/Medo-de-Dirigir-ID.jpg 440w\" sizes=\"(max-width: 303px) 100vw, 303px\" \/><div class=\"fusion-rollover\">\n\t<div class=\"fusion-rollover-content\">\n\n\t\t\t\t\t\t\t\t\t\t\t\t\t\t<a class=\"fusion-rollover-link\" href=\"https:\/\/autoescolaveneza.com\/index.php\/2018\/12\/04\/como-vencer-o-medo-de-dirigir\/\">Como vencer o medo de dirigir?<\/a>\n\t\t\t\n\t\t\t\t\t\t\t\t\t\t\t\t\t\t\n\t\t\t\t\t\t\t\t\n\t\t\t\t\t\t\t\t\t\t\t\t\t<div class=\"fusion-rollover-sep\"><\/div>\n\t\t\t\t\n\t\t\t\t\t\t\t\t\t\t\t\t\t\t\t\t\t\t<a class=\"fusion-rollover-gallery\" href=\"https:\/\/autoescolaveneza.com\/wp-content\/uploads\/2018\/12\/Medo-de-Dirigir-ID.jpg\" data-options=\"\" data-id=\"1206\" data-rel=\"iLightbox[gallery]\" data-title=\"Como vencer o medo de dirigir?\" data-caption=\"\">\n\t\t\t\t\t\tGaleria\t\t\t\t\t<\/a>\n\t\t\t\t\t\t\t\t\t\t\t\t\t\t\n\t\t\n\t\t\t\t\t\t\t\t\t\t\t\t<h4 class=\"fusion-rollover-title\">\n\t\t\t\t\t<a class=\"fusion-rollover-title-link\" href=\"https:\/\/autoescolaveneza.com\/index.php\/2018\/12\/04\/como-vencer-o-medo-de-dirigir\/\">\n\t\t\t\t\t\tComo vencer o medo de dirigir?\t\t\t\t\t<\/a>\n\t\t\t\t<\/h4>\n\t\t\t\n\t\t\t\t\t\t\t\t\n\t\t\n\t\t\t\t\t\t<a class=\"fusion-link-wrapper\" href=\"https:\/\/autoescolaveneza.com\/index.php\/2018\/12\/04\/como-vencer-o-medo-de-dirigir\/\" aria-label=\"Como vencer o medo de dirigir?\"><\/a>\n\t<\/div>\n<\/div>\n<\/div>\n<\/li>\n\t\t\t\n\t\t\t\n\t\t\t\t\t\t\t\t\t\t\t\t\t\t\t\t\t\t\t\t\t\t\t\t\t\t\t\t\t\t\t\t\t\t\t\t\t\t\t\t\t\t\t\t\t\t\t\t\t\t\t\t\t\t\t\t\t\t\t\t\t\t\t\t\t\t\t\t<\/ul>\n\t<\/div>\n\t<div class=\"fusion-post-content post-content\"><h2 class=\"blog-shortcode-post-title entry-title\"><a href=\"https:\/\/autoescolaveneza.com\/index.php\/2018\/12\/04\/como-vencer-o-medo-de-dirigir\/\">Como vencer o medo de dirigir?<\/a><\/h2><div class=\"fusion-post-content-container\"><p>Voc\u00ea sabia que 6% dos brasileiros sofrem com medo de dirigir? Saiba como vencer seus medos e tomar a dire\u00e7\u00e3o da sua vida!<\/p><\/div><\/div><div class=\"fusion-clearfix\"><\/div><div class=\"fusion-meta-info\"><div class=\"fusion-alignleft\"><span class=\"vcard\" style=\"display: none;\"><span class=\"fn\"><a href=\"https:\/\/autoescolaveneza.com\/index.php\/author\/ivan-silva7\/\" title=\"Posts de ivan.silva7\" rel=\"author\">ivan.silva7<\/a><\/span><\/span><span class=\"updated\" style=\"display:none;\">2019-05-29T23:19:17-03:00<\/span><span>4 de dezembro de 2018<\/span><span class=\"fusion-inline-sep\">|<\/span><\/div><div class=\"fusion-alignright\"><a class=\"fusion-read-more\" href=\"https:\/\/autoescolaveneza.com\/index.php\/2018\/12\/04\/como-vencer-o-medo-de-dirigir\/\" aria-label=\"More on Como vencer o medo de dirigir?\">Read More<\/a><\/div><\/div><\/article>\n<article id=\"blog-1-post-1169\" class=\"fusion-post-medium post-1169 post type-post status-publish format-standard has-post-thumbnail hentry category-noticias\">\n\t<style type=\"text\/css\">\n\t\t\n\t\t\n\t\t\n\t\t\n\t\t\t<\/style>\n\n\n\t\t\t<div class=\"fusion-flexslider flexslider fusion-flexslider-loading fusion-post-slideshow\" style=\"\">\n\t\t<ul class=\"slides\">\n\t\t\t\n\t\t\t\t\t\t\t\t\t\t\t\t\t\t<li><div  class=\"fusion-image-wrapper fusion-image-size-fixed\" aria-haspopup=\"true\">\n\t\t\t\t<img decoding=\"async\" width=\"294\" height=\"202\" src=\"https:\/\/autoescolaveneza.com\/wp-content\/uploads\/2018\/11\/2018.11.18-Blog4.jpg\" class=\"attachment-blog-medium size-blog-medium wp-post-image\" alt=\"\" srcset=\"https:\/\/autoescolaveneza.com\/wp-content\/uploads\/2018\/11\/2018.11.18-Blog4-300x206.jpg 300w, https:\/\/autoescolaveneza.com\/wp-content\/uploads\/2018\/11\/2018.11.18-Blog4.jpg 400w\" sizes=\"(max-width: 294px) 100vw, 294px\" \/><div class=\"fusion-rollover\">\n\t<div class=\"fusion-rollover-content\">\n\n\t\t\t\t\t\t\t\t\t\t\t\t\t\t<a class=\"fusion-rollover-link\" href=\"https:\/\/autoescolaveneza.com\/index.php\/2018\/11\/19\/como-escolher-uma-autoescola\/\">Como escolher uma autoescola?<\/a>\n\t\t\t\n\t\t\t\t\t\t\t\t\t\t\t\t\t\t\n\t\t\t\t\t\t\t\t\n\t\t\t\t\t\t\t\t\t\t\t\t\t<div class=\"fusion-rollover-sep\"><\/div>\n\t\t\t\t\n\t\t\t\t\t\t\t\t\t\t\t\t\t\t\t\t\t\t<a class=\"fusion-rollover-gallery\" href=\"https:\/\/autoescolaveneza.com\/wp-content\/uploads\/2018\/11\/2018.11.18-Blog4.jpg\" data-options=\"\" data-id=\"1169\" data-rel=\"iLightbox[gallery]\" data-title=\"Como escolher uma autoescola\" data-caption=\"\">\n\t\t\t\t\t\tGaleria\t\t\t\t\t<\/a>\n\t\t\t\t\t\t\t\t\t\t\t\t\t\t\n\t\t\n\t\t\t\t\t\t\t\t\t\t\t\t<h4 class=\"fusion-rollover-title\">\n\t\t\t\t\t<a class=\"fusion-rollover-title-link\" href=\"https:\/\/autoescolaveneza.com\/index.php\/2018\/11\/19\/como-escolher-uma-autoescola\/\">\n\t\t\t\t\t\tComo escolher uma autoescola?\t\t\t\t\t<\/a>\n\t\t\t\t<\/h4>\n\t\t\t\n\t\t\t\t\t\t\t\t\n\t\t\n\t\t\t\t\t\t<a class=\"fusion-link-wrapper\" href=\"https:\/\/autoescolaveneza.com\/index.php\/2018\/11\/19\/como-escolher-uma-autoescola\/\" aria-label=\"Como escolher uma autoescola?\"><\/a>\n\t<\/div>\n<\/div>\n<\/div>\n<\/li>\n\t\t\t\n\t\t\t\n\t\t\t\t\t\t\t\t\t\t\t\t\t\t\t\t\t\t\t\t\t\t\t\t\t\t\t\t\t\t\t\t\t\t\t\t\t\t\t\t\t\t\t\t\t\t\t\t\t\t\t\t\t\t\t\t\t\t\t\t\t\t\t\t\t\t\t\t<\/ul>\n\t<\/div>\n\t<div class=\"fusion-post-content post-content\"><h2 class=\"blog-shortcode-post-title entry-title\"><a href=\"https:\/\/autoescolaveneza.com\/index.php\/2018\/11\/19\/como-escolher-uma-autoescola\/\">Como escolher uma autoescola?<\/a><\/h2><div class=\"fusion-post-content-container\"><p>Chegou a hora de escolher uma autoescola? Est\u00e1 com d\u00favidas? Confira algumas dicas que ir\u00e3o te ajudar a fazer uma boa escolha.<\/p><\/div><\/div><div class=\"fusion-clearfix\"><\/div><div class=\"fusion-meta-info\"><div class=\"fusion-alignleft\"><span class=\"vcard\" style=\"display: none;\"><span class=\"fn\"><a href=\"https:\/\/autoescolaveneza.com\/index.php\/author\/ivan-silva7\/\" title=\"Posts de ivan.silva7\" rel=\"author\">ivan.silva7<\/a><\/span><\/span><span class=\"updated\" style=\"display:none;\">2019-05-29T23:20:33-03:00<\/span><span>19 de novembro de 2018<\/span><span class=\"fusion-inline-sep\">|<\/span><\/div><div class=\"fusion-alignright\"><a class=\"fusion-read-more\" href=\"https:\/\/autoescolaveneza.com\/index.php\/2018\/11\/19\/como-escolher-uma-autoescola\/\" aria-label=\"More on Como escolher uma autoescola?\">Read More<\/a><\/div><\/div><\/article>\n<article id=\"blog-1-post-1102\" class=\"fusion-post-medium post-1102 post type-post status-publish format-standard has-post-thumbnail hentry category-noticias\">\n\t<style type=\"text\/css\">\n\t\t\n\t\t\n\t\t\n\t\t\n\t\t\t<\/style>\n\n\n\t\t\t<div class=\"fusion-flexslider flexslider fusion-flexslider-loading fusion-post-slideshow\" style=\"\">\n\t\t<ul class=\"slides\">\n\t\t\t\n\t\t\t\t\t\t\t\t\t\t\t\t\t\t<li><div  class=\"fusion-image-wrapper fusion-image-size-fixed\" aria-haspopup=\"true\">\n\t\t\t\t<img decoding=\"async\" width=\"294\" height=\"202\" src=\"https:\/\/autoescolaveneza.com\/wp-content\/uploads\/2018\/11\/imagem-destacada.jpg\" class=\"attachment-blog-medium size-blog-medium wp-post-image\" alt=\"\" srcset=\"https:\/\/autoescolaveneza.com\/wp-content\/uploads\/2018\/11\/imagem-destacada-300x206.jpg 300w, https:\/\/autoescolaveneza.com\/wp-content\/uploads\/2018\/11\/imagem-destacada.jpg 400w\" sizes=\"(max-width: 294px) 100vw, 294px\" \/><div class=\"fusion-rollover\">\n\t<div class=\"fusion-rollover-content\">\n\n\t\t\t\t\t\t\t\t\t\t\t\t\t\t<a class=\"fusion-rollover-link\" href=\"https:\/\/autoescolaveneza.com\/index.php\/2018\/11\/03\/guia-basico-sobre-a-prova-teorica\/\">Guia B\u00e1sico Sobre a Prova Te\u00f3rica<\/a>\n\t\t\t\n\t\t\t\t\t\t\t\t\t\t\t\t\t\t\n\t\t\t\t\t\t\t\t\n\t\t\t\t\t\t\t\t\t\t\t\t\t<div class=\"fusion-rollover-sep\"><\/div>\n\t\t\t\t\n\t\t\t\t\t\t\t\t\t\t\t\t\t\t\t\t\t\t<a class=\"fusion-rollover-gallery\" href=\"https:\/\/autoescolaveneza.com\/wp-content\/uploads\/2018\/11\/imagem-destacada.jpg\" data-options=\"\" data-id=\"1102\" data-rel=\"iLightbox[gallery]\" data-title=\"Guia Basico Prova Teorica\" data-caption=\"\">\n\t\t\t\t\t\tGaleria\t\t\t\t\t<\/a>\n\t\t\t\t\t\t\t\t\t\t\t\t\t\t\n\t\t\n\t\t\t\t\t\t\t\t\t\t\t\t<h4 class=\"fusion-rollover-title\">\n\t\t\t\t\t<a class=\"fusion-rollover-title-link\" href=\"https:\/\/autoescolaveneza.com\/index.php\/2018\/11\/03\/guia-basico-sobre-a-prova-teorica\/\">\n\t\t\t\t\t\tGuia B\u00e1sico Sobre a Prova Te\u00f3rica\t\t\t\t\t<\/a>\n\t\t\t\t<\/h4>\n\t\t\t\n\t\t\t\t\t\t\t\t\n\t\t\n\t\t\t\t\t\t<a class=\"fusion-link-wrapper\" href=\"https:\/\/autoescolaveneza.com\/index.php\/2018\/11\/03\/guia-basico-sobre-a-prova-teorica\/\" aria-label=\"Guia B\u00e1sico Sobre a Prova Te\u00f3rica\"><\/a>\n\t<\/div>\n<\/div>\n<\/div>\n<\/li>\n\t\t\t\n\t\t\t\n\t\t\t\t\t\t\t\t\t\t\t\t\t\t\t\t\t\t\t\t\t\t\t\t\t\t\t\t\t\t\t\t\t\t\t\t\t\t\t\t\t\t\t\t\t\t\t\t\t\t\t\t\t\t\t\t\t\t\t\t\t\t\t\t\t\t\t\t<\/ul>\n\t<\/div>\n\t<div class=\"fusion-post-content post-content\"><h2 class=\"blog-shortcode-post-title entry-title\"><a href=\"https:\/\/autoescolaveneza.com\/index.php\/2018\/11\/03\/guia-basico-sobre-a-prova-teorica\/\">Guia B\u00e1sico Sobre a Prova Te\u00f3rica<\/a><\/h2><div class=\"fusion-post-content-container\"><p>Conhe\u00e7a nosso guia b\u00e1sico sobre a prova te\u00f3rica e passe por essa etapa de seu processo de habilita\u00e7\u00e3o mais preparado.<\/p><\/div><\/div><div class=\"fusion-clearfix\"><\/div><div class=\"fusion-meta-info\"><div class=\"fusion-alignleft\"><span class=\"vcard\" style=\"display: none;\"><span class=\"fn\"><a href=\"https:\/\/autoescolaveneza.com\/index.php\/author\/ivan-silva7\/\" title=\"Posts de ivan.silva7\" rel=\"author\">ivan.silva7<\/a><\/span><\/span><span class=\"updated\" style=\"display:none;\">2019-05-29T23:21:02-03:00<\/span><span>3 de novembro de 2018<\/span><span class=\"fusion-inline-sep\">|<\/span><\/div><div class=\"fusion-alignright\"><a class=\"fusion-read-more\" href=\"https:\/\/autoescolaveneza.com\/index.php\/2018\/11\/03\/guia-basico-sobre-a-prova-teorica\/\" aria-label=\"More on Guia B\u00e1sico Sobre a Prova Te\u00f3rica\">Read More<\/a><\/div><\/div><\/article>\n<article id=\"blog-1-post-1083\" class=\"fusion-post-medium post-1083 post type-post status-publish format-standard has-post-thumbnail hentry category-noticias\">\n\t<style type=\"text\/css\">\n\t\t\n\t\t\n\t\t\n\t\t\n\t\t\t<\/style>\n\n\n\t\t\t<div class=\"fusion-flexslider flexslider fusion-flexslider-loading fusion-post-slideshow\" style=\"\">\n\t\t<ul class=\"slides\">\n\t\t\t\n\t\t\t\t\t\t\t\t\t\t\t\t\t\t<li><div  class=\"fusion-image-wrapper fusion-image-size-fixed\" aria-haspopup=\"true\">\n\t\t\t\t<img decoding=\"async\" width=\"304\" height=\"202\" src=\"https:\/\/autoescolaveneza.com\/wp-content\/uploads\/2018\/10\/imagem-destacada-ok.jpg\" class=\"attachment-blog-medium size-blog-medium wp-post-image\" alt=\"\" srcset=\"https:\/\/autoescolaveneza.com\/wp-content\/uploads\/2018\/10\/imagem-destacada-ok-300x200.jpg 300w, https:\/\/autoescolaveneza.com\/wp-content\/uploads\/2018\/10\/imagem-destacada-ok.jpg 415w\" sizes=\"(max-width: 304px) 100vw, 304px\" \/><div class=\"fusion-rollover\">\n\t<div class=\"fusion-rollover-content\">\n\n\t\t\t\t\t\t\t\t\t\t\t\t\t\t<a class=\"fusion-rollover-link\" href=\"https:\/\/autoescolaveneza.com\/index.php\/2018\/10\/17\/7-dicas-para-dirigir-com-seguranca-na-chuva\/\">7 Dicas para Dirigir com Seguran\u00e7a na Chuva<\/a>\n\t\t\t\n\t\t\t\t\t\t\t\t\t\t\t\t\t\t\n\t\t\t\t\t\t\t\t\n\t\t\t\t\t\t\t\t\t\t\t\t\t<div class=\"fusion-rollover-sep\"><\/div>\n\t\t\t\t\n\t\t\t\t\t\t\t\t\t\t\t\t\t\t\t\t\t\t<a class=\"fusion-rollover-gallery\" href=\"https:\/\/autoescolaveneza.com\/wp-content\/uploads\/2018\/10\/imagem-destacada-ok.jpg\" data-options=\"\" data-id=\"1083\" data-rel=\"iLightbox[gallery]\" data-title=\"7 dicas para dirigir com seguran\u00e7a na chuva\" data-caption=\"\">\n\t\t\t\t\t\tGaleria\t\t\t\t\t<\/a>\n\t\t\t\t\t\t\t\t\t\t\t\t\t\t\n\t\t\n\t\t\t\t\t\t\t\t\t\t\t\t<h4 class=\"fusion-rollover-title\">\n\t\t\t\t\t<a class=\"fusion-rollover-title-link\" href=\"https:\/\/autoescolaveneza.com\/index.php\/2018\/10\/17\/7-dicas-para-dirigir-com-seguranca-na-chuva\/\">\n\t\t\t\t\t\t7 Dicas para Dirigir com Seguran\u00e7a na Chuva\t\t\t\t\t<\/a>\n\t\t\t\t<\/h4>\n\t\t\t\n\t\t\t\t\t\t\t\t\n\t\t\n\t\t\t\t\t\t<a class=\"fusion-link-wrapper\" href=\"https:\/\/autoescolaveneza.com\/index.php\/2018\/10\/17\/7-dicas-para-dirigir-com-seguranca-na-chuva\/\" aria-label=\"7 Dicas para Dirigir com Seguran\u00e7a na Chuva\"><\/a>\n\t<\/div>\n<\/div>\n<\/div>\n<\/li>\n\t\t\t\n\t\t\t\n\t\t\t\t\t\t\t\t\t\t\t\t\t\t\t\t\t\t\t\t\t\t\t\t\t\t\t\t\t\t\t\t\t\t\t\t\t\t\t\t\t\t\t\t\t\t\t\t\t\t\t\t\t\t\t\t\t\t\t\t\t\t\t\t\t\t\t\t<\/ul>\n\t<\/div>\n\t<div class=\"fusion-post-content post-content\"><h2 class=\"blog-shortcode-post-title entry-title\"><a href=\"https:\/\/autoescolaveneza.com\/index.php\/2018\/10\/17\/7-dicas-para-dirigir-com-seguranca-na-chuva\/\">7 Dicas para Dirigir com Seguran\u00e7a na Chuva<\/a><\/h2><div class=\"fusion-post-content-container\"><p>Confira nossas 7 dicas para dirigir com seguran\u00e7a na chuva. Os meses chuvosos chegaram.<\/p><\/div><\/div><div class=\"fusion-clearfix\"><\/div><div class=\"fusion-meta-info\"><div class=\"fusion-alignleft\"><span class=\"vcard\" style=\"display: none;\"><span class=\"fn\"><a href=\"https:\/\/autoescolaveneza.com\/index.php\/author\/ivan-silva7\/\" title=\"Posts de ivan.silva7\" rel=\"author\">ivan.silva7<\/a><\/span><\/span><span class=\"updated\" style=\"display:none;\">2019-05-29T23:21:33-03:00<\/span><span>17 de outubro de 2018<\/span><span class=\"fusion-inline-sep\">|<\/span><\/div><div class=\"fusion-alignright\"><a class=\"fusion-read-more\" href=\"https:\/\/autoescolaveneza.com\/index.php\/2018\/10\/17\/7-dicas-para-dirigir-com-seguranca-na-chuva\/\" aria-label=\"More on 7 Dicas para Dirigir com Seguran\u00e7a na Chuva\">Read More<\/a><\/div><\/div><\/article>\n<article id=\"blog-1-post-993\" class=\"fusion-post-medium post-993 post type-post status-publish format-gallery has-post-thumbnail hentry category-noticias post_format-post-format-gallery\">\n\t<style type=\"text\/css\">\n\t\t\n\t\t\n\t\t\n\t\t\n\t\t\t<\/style>\n\n\n\t\t\t<div class=\"fusion-flexslider flexslider fusion-flexslider-loading fusion-post-slideshow\" style=\"\">\n\t\t<ul class=\"slides\">\n\t\t\t\n\t\t\t\t\t\t\t\t\t\t\t\t\t\t<li><div  class=\"fusion-image-wrapper fusion-image-size-fixed\" aria-haspopup=\"true\">\n\t\t\t\t<img decoding=\"async\" width=\"320\" height=\"179\" src=\"https:\/\/autoescolaveneza.com\/wp-content\/uploads\/2018\/10\/Placa-Mercosul-pqna.jpg\" class=\"attachment-blog-medium size-blog-medium wp-post-image\" alt=\"\" srcset=\"https:\/\/autoescolaveneza.com\/wp-content\/uploads\/2018\/10\/Placa-Mercosul-pqna-300x168.jpg 300w, https:\/\/autoescolaveneza.com\/wp-content\/uploads\/2018\/10\/Placa-Mercosul-pqna.jpg 410w\" sizes=\"(max-width: 320px) 100vw, 320px\" \/><div class=\"fusion-rollover\">\n\t<div class=\"fusion-rollover-content\">\n\n\t\t\t\t\t\t\t\t\t\t\t\t\t\t<a class=\"fusion-rollover-link\" href=\"https:\/\/autoescolaveneza.com\/index.php\/2018\/10\/03\/placa-mercosul\/\">Placa Mercosul<\/a>\n\t\t\t\n\t\t\t\t\t\t\t\t\t\t\t\t\t\t\n\t\t\t\t\t\t\t\t\n\t\t\t\t\t\t\t\t\t\t\t\t\t<div class=\"fusion-rollover-sep\"><\/div>\n\t\t\t\t\n\t\t\t\t\t\t\t\t\t\t\t\t\t\t\t\t\t\t<a class=\"fusion-rollover-gallery\" href=\"https:\/\/autoescolaveneza.com\/wp-content\/uploads\/2018\/10\/Placa-Mercosul-pqna.jpg\" data-options=\"\" data-id=\"993\" data-rel=\"iLightbox[gallery]\" data-title=\"Placa Mercosul pqna\" data-caption=\"\">\n\t\t\t\t\t\tGaleria\t\t\t\t\t<\/a>\n\t\t\t\t\t\t\t\t\t\t\t\t\t\t\n\t\t\n\t\t\t\t\t\t\t\t\t\t\t\t<h4 class=\"fusion-rollover-title\">\n\t\t\t\t\t<a class=\"fusion-rollover-title-link\" href=\"https:\/\/autoescolaveneza.com\/index.php\/2018\/10\/03\/placa-mercosul\/\">\n\t\t\t\t\t\tPlaca Mercosul\t\t\t\t\t<\/a>\n\t\t\t\t<\/h4>\n\t\t\t\n\t\t\t\t\t\t\t\t\n\t\t\n\t\t\t\t\t\t<a class=\"fusion-link-wrapper\" href=\"https:\/\/autoescolaveneza.com\/index.php\/2018\/10\/03\/placa-mercosul\/\" aria-label=\"Placa Mercosul\"><\/a>\n\t<\/div>\n<\/div>\n<\/div>\n<\/li>\n\t\t\t\n\t\t\t\n\t\t\t\t\t\t\t\t\t\t\t\t\t\t\t\t\t\t\t\t\t\t\t\t\t\t\t\t\t\t\t\t\t\t\t\t\t\t\t\t\t\t\t\t\t\t\t\t\t\t\t\t\t\t\t\t\t\t\t\t\t\t\t\t\t\t\t\t<\/ul>\n\t<\/div>\n\t<div class=\"fusion-post-content post-content\"><h2 class=\"blog-shortcode-post-title entry-title\"><a href=\"https:\/\/autoescolaveneza.com\/index.php\/2018\/10\/03\/placa-mercosul\/\">Placa Mercosul<\/a><\/h2><div class=\"fusion-post-content-container\"><p>O Brasil adota novo sistema de placas para ve\u00edculos, seguindo padr\u00e3o Mercosul. J\u00e1 esta em vigor no Rio de Janeiro. Em breve chegar\u00e1 a S\u00e3o Paulo.<\/p><\/div><\/div><div class=\"fusion-clearfix\"><\/div><div class=\"fusion-meta-info\"><div class=\"fusion-alignleft\"><span class=\"vcard\" style=\"display: none;\"><span class=\"fn\"><a href=\"https:\/\/autoescolaveneza.com\/index.php\/author\/ivan-silva7\/\" title=\"Posts de ivan.silva7\" rel=\"author\">ivan.silva7<\/a><\/span><\/span><span class=\"updated\" style=\"display:none;\">2019-05-29T22:40:19-03:00<\/span><span>3 de outubro de 2018<\/span><span class=\"fusion-inline-sep\">|<\/span><\/div><div class=\"fusion-alignright\"><a class=\"fusion-read-more\" href=\"https:\/\/autoescolaveneza.com\/index.php\/2018\/10\/03\/placa-mercosul\/\" aria-label=\"More on Placa Mercosul\">Read More<\/a><\/div><\/div><\/article>\n<\/div><div class=\"pagination clearfix\"><span class=\"current\">1<\/span><a href=\"https:\/\/autoescolaveneza.com\/index.php\/wp-json\/wp\/v2\/pages\/278\/page\/2\/\" class=\"inactive\">2<\/a><a class=\"pagination-next\" rel=\"next\" href=\"https:\/\/autoescolaveneza.com\/index.php\/wp-json\/wp\/v2\/pages\/278\/page\/2\/\"><span class=\"page-text\">Pr\u00f3ximo<\/span><span class=\"page-next\"><\/span><\/a><\/div><div class=\"fusion-clearfix\"><\/div><\/div><div class=\"fusion-clearfix\"><\/div><\/div><\/div><\/div><\/div>\n","protected":false},"excerpt":{"rendered":"","protected":false},"author":1,"featured_media":0,"parent":0,"menu_order":0,"comment_status":"closed","ping_status":"closed","template":"","meta":{"footnotes":""},"class_list":["post-278","page","type-page","status-publish","hentry"],"yoast_head":"<!-- This site is optimized with the Yoast SEO plugin v27.5 - https:\/\/yoast.com\/product\/yoast-seo-wordpress\/ -->\n<title>Auto Escola Veneza em Ribeir\u00e3o Preto - SP | CNH \u00e9 aqui!<\/title>\n<meta name=\"description\" content=\"CNH em Ribeir\u00e3o Preto \u00e9 no Auto Escola Veneza. H\u00e1 mais de 18 anos, com parcelas que cabem no seu bolso, instrutores calmos, alto indice de aprova\u00e7\u00e3o.\" \/>\n<meta name=\"robots\" content=\"index, follow, max-snippet:-1, max-image-preview:large, max-video-preview:-1\" \/>\n<link rel=\"canonical\" href=\"https:\/\/autoescolaveneza.com\/index.php\/blog\/\" \/>\n<meta property=\"og:locale\" content=\"pt_BR\" \/>\n<meta property=\"og:type\" content=\"article\" \/>\n<meta property=\"og:title\" content=\"Auto Escola Veneza em Ribeir\u00e3o Preto - SP | CNH \u00e9 aqui!\" \/>\n<meta property=\"og:description\" content=\"CNH em Ribeir\u00e3o Preto \u00e9 no Auto Escola Veneza. H\u00e1 mais de 18 anos, com parcelas que cabem no seu bolso, instrutores calmos, alto indice de aprova\u00e7\u00e3o.\" \/>\n<meta property=\"og:url\" content=\"https:\/\/autoescolaveneza.com\/index.php\/blog\/\" \/>\n<meta property=\"og:site_name\" content=\"Autoescola Veneza em Ribeir\u00e3o Preto - SP\" \/>\n<meta property=\"article:publisher\" content=\"https:\/\/www.facebook.com\/Autoescolaedespachanteveneza\/\" \/>\n<meta property=\"article:modified_time\" content=\"2019-05-30T02:06:46+00:00\" \/>\n<meta property=\"og:image\" content=\"https:\/\/autoescolaveneza.com\/wp-content\/uploads\/2018\/09\/Logo-AE-300-dpi.png\" \/>\n\t<meta property=\"og:image:width\" content=\"202\" \/>\n\t<meta property=\"og:image:height\" content=\"103\" \/>\n\t<meta property=\"og:image:type\" content=\"image\/png\" \/>\n<meta name=\"twitter:card\" content=\"summary_large_image\" \/>\n<meta name=\"twitter:label1\" content=\"Est. tempo de leitura\" \/>\n\t<meta name=\"twitter:data1\" content=\"2 minutos\" \/>\n<script type=\"application\/ld+json\" class=\"yoast-schema-graph\">{\"@context\":\"https:\\\/\\\/schema.org\",\"@graph\":[{\"@type\":\"WebPage\",\"@id\":\"https:\\\/\\\/autoescolaveneza.com\\\/index.php\\\/blog\\\/\",\"url\":\"https:\\\/\\\/autoescolaveneza.com\\\/index.php\\\/blog\\\/\",\"name\":\"Auto Escola Veneza em Ribeir\u00e3o Preto - SP | CNH \u00e9 aqui!\",\"isPartOf\":{\"@id\":\"https:\\\/\\\/autoescolaveneza.com\\\/#website\"},\"datePublished\":\"2018-08-15T13:44:17+00:00\",\"dateModified\":\"2019-05-30T02:06:46+00:00\",\"description\":\"CNH em Ribeir\u00e3o Preto \u00e9 no Auto Escola Veneza. H\u00e1 mais de 18 anos, com parcelas que cabem no seu bolso, instrutores calmos, alto indice de aprova\u00e7\u00e3o.\",\"breadcrumb\":{\"@id\":\"https:\\\/\\\/autoescolaveneza.com\\\/index.php\\\/blog\\\/#breadcrumb\"},\"inLanguage\":\"pt-BR\",\"potentialAction\":[{\"@type\":\"ReadAction\",\"target\":[\"https:\\\/\\\/autoescolaveneza.com\\\/index.php\\\/blog\\\/\"]}]},{\"@type\":\"BreadcrumbList\",\"@id\":\"https:\\\/\\\/autoescolaveneza.com\\\/index.php\\\/blog\\\/#breadcrumb\",\"itemListElement\":[{\"@type\":\"ListItem\",\"position\":1,\"name\":\"In\u00edcio\",\"item\":\"https:\\\/\\\/autoescolaveneza.com\\\/\"},{\"@type\":\"ListItem\",\"position\":2,\"name\":\"Blog\"}]},{\"@type\":\"WebSite\",\"@id\":\"https:\\\/\\\/autoescolaveneza.com\\\/#website\",\"url\":\"https:\\\/\\\/autoescolaveneza.com\\\/\",\"name\":\"Autoescola Veneza em Ribeir\u00e3o Preto - SP\",\"description\":\"Autoescola Veneza em Ribeir\u00e3o Preto!\",\"publisher\":{\"@id\":\"https:\\\/\\\/autoescolaveneza.com\\\/#organization\"},\"potentialAction\":[{\"@type\":\"SearchAction\",\"target\":{\"@type\":\"EntryPoint\",\"urlTemplate\":\"https:\\\/\\\/autoescolaveneza.com\\\/?s={search_term_string}\"},\"query-input\":{\"@type\":\"PropertyValueSpecification\",\"valueRequired\":true,\"valueName\":\"search_term_string\"}}],\"inLanguage\":\"pt-BR\"},{\"@type\":\"Organization\",\"@id\":\"https:\\\/\\\/autoescolaveneza.com\\\/#organization\",\"name\":\"Autoescola Veneza em Ribeir\u00e3o Preto\",\"url\":\"https:\\\/\\\/autoescolaveneza.com\\\/\",\"logo\":{\"@type\":\"ImageObject\",\"inLanguage\":\"pt-BR\",\"@id\":\"https:\\\/\\\/autoescolaveneza.com\\\/#\\\/schema\\\/logo\\\/image\\\/\",\"url\":\"https:\\\/\\\/autoescolaveneza.com\\\/wp-content\\\/uploads\\\/2018\\\/07\\\/Logo-site-header-e1534345976454.png\",\"contentUrl\":\"https:\\\/\\\/autoescolaveneza.com\\\/wp-content\\\/uploads\\\/2018\\\/07\\\/Logo-site-header-e1534345976454.png\",\"width\":400,\"height\":203,\"caption\":\"Autoescola Veneza em Ribeir\u00e3o Preto\"},\"image\":{\"@id\":\"https:\\\/\\\/autoescolaveneza.com\\\/#\\\/schema\\\/logo\\\/image\\\/\"},\"sameAs\":[\"https:\\\/\\\/www.facebook.com\\\/Autoescolaedespachanteveneza\\\/\",\"https:\\\/\\\/www.instagram.com\\\/aeveneza\\\/\"]}]}<\/script>\n<!-- \/ Yoast SEO plugin. -->","yoast_head_json":{"title":"Auto Escola Veneza em Ribeir\u00e3o Preto - SP | CNH \u00e9 aqui!","description":"CNH em Ribeir\u00e3o Preto \u00e9 no Auto Escola Veneza. H\u00e1 mais de 18 anos, com parcelas que cabem no seu bolso, instrutores calmos, alto indice de aprova\u00e7\u00e3o.","robots":{"index":"index","follow":"follow","max-snippet":"max-snippet:-1","max-image-preview":"max-image-preview:large","max-video-preview":"max-video-preview:-1"},"canonical":"https:\/\/autoescolaveneza.com\/index.php\/blog\/","og_locale":"pt_BR","og_type":"article","og_title":"Auto Escola Veneza em Ribeir\u00e3o Preto - SP | CNH \u00e9 aqui!","og_description":"CNH em Ribeir\u00e3o Preto \u00e9 no Auto Escola Veneza. H\u00e1 mais de 18 anos, com parcelas que cabem no seu bolso, instrutores calmos, alto indice de aprova\u00e7\u00e3o.","og_url":"https:\/\/autoescolaveneza.com\/index.php\/blog\/","og_site_name":"Autoescola Veneza em Ribeir\u00e3o Preto - SP","article_publisher":"https:\/\/www.facebook.com\/Autoescolaedespachanteveneza\/","article_modified_time":"2019-05-30T02:06:46+00:00","og_image":[{"width":202,"height":103,"url":"https:\/\/autoescolaveneza.com\/wp-content\/uploads\/2018\/09\/Logo-AE-300-dpi.png","type":"image\/png"}],"twitter_card":"summary_large_image","twitter_misc":{"Est. tempo de leitura":"2 minutos"},"schema":{"@context":"https:\/\/schema.org","@graph":[{"@type":"WebPage","@id":"https:\/\/autoescolaveneza.com\/index.php\/blog\/","url":"https:\/\/autoescolaveneza.com\/index.php\/blog\/","name":"Auto Escola Veneza em Ribeir\u00e3o Preto - SP | CNH \u00e9 aqui!","isPartOf":{"@id":"https:\/\/autoescolaveneza.com\/#website"},"datePublished":"2018-08-15T13:44:17+00:00","dateModified":"2019-05-30T02:06:46+00:00","description":"CNH em Ribeir\u00e3o Preto \u00e9 no Auto Escola Veneza. H\u00e1 mais de 18 anos, com parcelas que cabem no seu bolso, instrutores calmos, alto indice de aprova\u00e7\u00e3o.","breadcrumb":{"@id":"https:\/\/autoescolaveneza.com\/index.php\/blog\/#breadcrumb"},"inLanguage":"pt-BR","potentialAction":[{"@type":"ReadAction","target":["https:\/\/autoescolaveneza.com\/index.php\/blog\/"]}]},{"@type":"BreadcrumbList","@id":"https:\/\/autoescolaveneza.com\/index.php\/blog\/#breadcrumb","itemListElement":[{"@type":"ListItem","position":1,"name":"In\u00edcio","item":"https:\/\/autoescolaveneza.com\/"},{"@type":"ListItem","position":2,"name":"Blog"}]},{"@type":"WebSite","@id":"https:\/\/autoescolaveneza.com\/#website","url":"https:\/\/autoescolaveneza.com\/","name":"Autoescola Veneza em Ribeir\u00e3o Preto - SP","description":"Autoescola Veneza em Ribeir\u00e3o Preto!","publisher":{"@id":"https:\/\/autoescolaveneza.com\/#organization"},"potentialAction":[{"@type":"SearchAction","target":{"@type":"EntryPoint","urlTemplate":"https:\/\/autoescolaveneza.com\/?s={search_term_string}"},"query-input":{"@type":"PropertyValueSpecification","valueRequired":true,"valueName":"search_term_string"}}],"inLanguage":"pt-BR"},{"@type":"Organization","@id":"https:\/\/autoescolaveneza.com\/#organization","name":"Autoescola Veneza em Ribeir\u00e3o Preto","url":"https:\/\/autoescolaveneza.com\/","logo":{"@type":"ImageObject","inLanguage":"pt-BR","@id":"https:\/\/autoescolaveneza.com\/#\/schema\/logo\/image\/","url":"https:\/\/autoescolaveneza.com\/wp-content\/uploads\/2018\/07\/Logo-site-header-e1534345976454.png","contentUrl":"https:\/\/autoescolaveneza.com\/wp-content\/uploads\/2018\/07\/Logo-site-header-e1534345976454.png","width":400,"height":203,"caption":"Autoescola Veneza em Ribeir\u00e3o Preto"},"image":{"@id":"https:\/\/autoescolaveneza.com\/#\/schema\/logo\/image\/"},"sameAs":["https:\/\/www.facebook.com\/Autoescolaedespachanteveneza\/","https:\/\/www.instagram.com\/aeveneza\/"]}]}},"_links":{"self":[{"href":"https:\/\/autoescolaveneza.com\/index.php\/wp-json\/wp\/v2\/pages\/278","targetHints":{"allow":["GET"]}}],"collection":[{"href":"https:\/\/autoescolaveneza.com\/index.php\/wp-json\/wp\/v2\/pages"}],"about":[{"href":"https:\/\/autoescolaveneza.com\/index.php\/wp-json\/wp\/v2\/types\/page"}],"author":[{"embeddable":true,"href":"https:\/\/autoescolaveneza.com\/index.php\/wp-json\/wp\/v2\/users\/1"}],"replies":[{"embeddable":true,"href":"https:\/\/autoescolaveneza.com\/index.php\/wp-json\/wp\/v2\/comments?post=278"}],"version-history":[{"count":0,"href":"https:\/\/autoescolaveneza.com\/index.php\/wp-json\/wp\/v2\/pages\/278\/revisions"}],"wp:attachment":[{"href":"https:\/\/autoescolaveneza.com\/index.php\/wp-json\/wp\/v2\/media?parent=278"}],"curies":[{"name":"wp","href":"https:\/\/api.w.org\/{rel}","templated":true}]}}